{"id":13,"date":"2016-01-29T10:14:33","date_gmt":"2016-01-29T10:14:33","guid":{"rendered":"https:\/\/the7.io\/beauty-studio\/?page_id=13"},"modified":"2026-02-18T14:02:58","modified_gmt":"2026-02-18T14:02:58","slug":"empresa-de-alpinismo-industrial-contato","status":"publish","type":"page","link":"https:\/\/akfalpinismo.com.br\/site2019\/empresa-de-alpinismo-industrial-contato\/","title":{"rendered":"Contato"},"content":{"rendered":"<p>[vc_row type=&#8221;vc_default&#8221; margin_top=&#8221;0&#8243; margin_bottom=&#8221;-35&#8243; css=&#8221;.vc_custom_1498572765023{margin-top: 70px !important;margin-bottom: 20px !important;}&#8221;][vc_column offset=&#8221;vc_col-lg-6 vc_col-md-7 vc_col-xs-12&#8243; css=&#8221;.vc_custom_1498821716836{padding-bottom: 40px !important;}&#8221;]<div id=\"ultimate-heading-354369f0f4ced01cc\" class=\"uvc-heading ult-adjust-bottom-margin ultimate-heading-354369f0f4ced01cc uvc-3858 \" data-hspacer=\"no_spacer\"  data-halign=\"left\" style=\"text-align:left\"><div class=\"uvc-heading-spacer no_spacer\" style=\"top\"><\/div><div class=\"uvc-main-heading ult-responsive\"  data-ultimate-target='.uvc-heading.ultimate-heading-354369f0f4ced01cc h2'  data-responsive-json-new='{\"font-size\":\"desktop:26px;\",\"line-height\":\"desktop:32px;\"}' ><h2 style=\"font-weight:bold;margin-bottom:20px;\">Fale Conosco:<\/h2><\/div><\/div>[vc_raw_html]JTNDZGl2JTIwcm9sZSUzRCUyMm1haW4lMjIlMjBpZCUzRCUyMmFrZi1mb3JtLTAxLTdhZTA0MjViMzZlZGU0ZTMzM2MwJTIyJTNFJTNDJTJGZGl2JTNFJTNDc2NyaXB0JTIwdHlwZSUzRCUyMnRleHQlMkZqYXZhc2NyaXB0JTIyJTIwc3JjJTNEJTIyaHR0cHMlM0ElMkYlMkZkMzM1bHV1cHVnc3kyLmNsb3VkZnJvbnQubmV0JTJGanMlMkZyZHN0YXRpb24tZm9ybXMlMkZzdGFibGUlMkZyZHN0YXRpb24tZm9ybXMubWluLmpzJTIyJTNFJTNDJTJGc2NyaXB0JTNFJTNDc2NyaXB0JTIwdHlwZSUzRCUyMnRleHQlMkZqYXZhc2NyaXB0JTIyJTNFJTIwbmV3JTIwUkRTdGF0aW9uRm9ybXMlMjglMjdha2YtZm9ybS0wMS03YWUwNDI1YjM2ZWRlNGUzMzNjMCUyNyUyQyUyMCUyN251bGwlMjclMjkuY3JlYXRlRm9ybSUyOCUyOSUzQiUzQyUyRnNjcmlwdCUzRSUyMA==[\/vc_raw_html][\/vc_column][vc_column offset=&#8221;vc_col-lg-6 vc_col-md-5 vc_col-xs-12&#8243; css=&#8221;.vc_custom_1498572768127{padding-bottom: 50px !important;}&#8221;]<div id=\"ultimate-heading-372569f0f4ced01f5\" class=\"uvc-heading ult-adjust-bottom-margin ultimate-heading-372569f0f4ced01f5 uvc-732 \" data-hspacer=\"no_spacer\"  data-halign=\"left\" style=\"text-align:left\"><div class=\"uvc-heading-spacer no_spacer\" style=\"top\"><\/div><div class=\"uvc-main-heading ult-responsive\"  data-ultimate-target='.uvc-heading.ultimate-heading-372569f0f4ced01f5 h2'  data-responsive-json-new='{\"font-size\":\"desktop:26px;\",\"line-height\":\"desktop:32px;\"}' ><h2 style=\"font-weight:bold;margin-bottom:30px;\">Nosso Endere\u00e7o e Telefone:<\/h2><\/div><\/div>[vc_row_inner equal_height=&#8221;yes&#8221; css=&#8221;.vc_custom_1498572805259{padding-right: 15px !important;padding-bottom: 10px !important;padding-left: 15px !important;}&#8221;][vc_column_inner width=&#8221;1\/2&#8243; css=&#8221;.vc_custom_1475919323336{margin-top: 0px !important;margin-right: 0px !important;margin-bottom: 0px !important;margin-left: 0px !important;padding-top: 0px !important;padding-right: 10px !important;padding-bottom: 20px !important;padding-left: 10px !important;}&#8221;]<div class=\"aio-icon-component  vc_custom_1771423039075  accent-icon-bg color-title style_1\"><div id=\"Info-box-wrap-6669\" class=\"aio-icon-box left-icon\" style=\"\"  ><div class=\"aio-icon-left\"><div class=\"ult-just-icon-wrapper  \"><div class=\"align-icon\" style=\"text-align:center;\">\n<div class=\"aio-icon advanced \"  style=\"color:#ffffff;border-style:;border-color:#333333;border-width:1px;width:34px;height:34px;line-height:34px;border-radius:500px;font-size:16px;display:inline-block;\">\n\t<i class=\"icomoon-the7-font-the7-map-02\"><\/i>\n<\/div><\/div><\/div><\/div><div class=\"aio-ibd-block\"><div class=\"aio-icon-description ult-responsive\"  data-ultimate-target='#Info-box-wrap-6669 .aio-icon-description'  data-responsive-json-new='{\"font-size\":\"desktop:18px;\",\"line-height\":\"desktop:24px;\"}'  style=\"font-family:&#039;Open Sans Condensed&#039;;font-weight:700;\">R. Carlota Straube de Ara\u00fajo, 1442 &#8211; Boa Vista, Curitiba &#8211; PR, 82560-330<\/div> <!-- description --><\/div> <!-- aio-ibd-block --><\/div> <!-- aio-icon-box --><\/div> <!-- aio-icon-component -->[\/vc_column_inner][vc_column_inner width=&#8221;1\/2&#8243; css=&#8221;.vc_custom_1475919331923{margin-top: 0px !important;margin-right: 0px !important;margin-bottom: 0px !important;margin-left: 0px !important;padding-top: 0px !important;padding-right: 10px !important;padding-bottom: 20px !important;padding-left: 10px !important;}&#8221;]<div class=\"aio-icon-component  vc_custom_1706067569750  accent-icon-bg color-title style_1\"><div id=\"Info-box-wrap-6783\" class=\"aio-icon-box left-icon\" style=\"\"  ><div class=\"aio-icon-left\"><div class=\"ult-just-icon-wrapper  \"><div class=\"align-icon\" style=\"text-align:center;\">\n<div class=\"aio-icon advanced \"  style=\"color:#ffffff;border-style:;border-color:#333333;border-width:1px;width:34px;height:34px;line-height:34px;border-radius:500px;font-size:16px;display:inline-block;\">\n\t<i class=\"icomoon-the7-font-the7-phone-05\"><\/i>\n<\/div><\/div><\/div><\/div><div class=\"aio-ibd-block\"><div class=\"aio-icon-description ult-responsive\"  data-ultimate-target='#Info-box-wrap-6783 .aio-icon-description'  data-responsive-json-new='{\"font-size\":\"desktop:18px;\",\"line-height\":\"desktop:24px;\"}'  style=\"font-family:&#039;Open Sans Condensed&#039;;font-weight:700;\">(41) 3057-2514<\/div> <!-- description --><\/div> <!-- aio-ibd-block --><\/div> <!-- aio-icon-box --><\/div> <!-- aio-icon-component -->[\/vc_column_inner][\/vc_row_inner][vc_row_inner][vc_column_inner][vc_gmaps link=&#8221;#E-8_JTNDaWZyYW1lJTIwc3JjJTNEJTIyaHR0cHMlM0ElMkYlMkZ3d3cuZ29vZ2xlLmNvbSUyRm1hcHMlMkZlbWJlZCUzRnBiJTNEJTIxMW0yMyUyMTFtMTIlMjExbTMlMjExZDE0Mzk3LjU4ODIzODg3MTY3OCUyMTJkLTQ5LjIxMDk4MjQlMjEzZC0yNS41NTg0NTM1NDk5OTk5OTYlMjEybTMlMjExZjAlMjEyZjAlMjEzZjAlMjEzbTIlMjExaTEwMjQlMjEyaTc2OCUyMTRmMTMuMSUyMTRtOCUyMTNlNiUyMTRtMCUyMTRtNSUyMTFzMHg5NGRjZmJkMjRmOWI3N2E3JTI1M0EweDU3YzliMTgyMjMxOTk5ZiUyMTJzQUtGJTI1MjBBTFBJTklTTU8lMjUyRk1BTlVURU4lMjVDMyUyNTg3JTI1QzMlMjU4M08lMjUyRiUyNTIwU0VSVkklMjVDMyUyNTg3T1MlMjUyMEUlMjUyMFJFU0dBVEUlMjUyQyUyNTIwUi4lMjUyMENhcmxvdGElMjUyMFN0cmF1YmUlMjUyMGRlJTI1MjBBcmElMjVDMyUyNUJBam8lMjUyQyUyNTIwMTQ0MiUyNTIwLSUyNTIwQm9hJTI1MjBWaXN0YSUyNTJDJTI1MjBDdXJpdGliYSUyNTIwLSUyNTIwUFIlMjUyQyUyNTIwODI1NjAtMzMwJTIxM20yJTIxMWQtMjUuMzg1NTk3OTk5OTk5OTk4JTIxMmQtNDkuMjQ4NDgwNiUyMTVlMCUyMTNtMiUyMTFzcHQtUFQlMjEyc2JyJTIxNHYxNzcxNDIyOTc3MTc3JTIxNW0yJTIxMXNwdC1QVCUyMTJzYnIlMjIlMjB3aWR0aCUzRCUyMjQ1MCUyMiUyMGhlaWdodCUzRCUyMjU1MCUyMiUyMHN0eWxlJTNEJTIyYm9yZGVyJTNBMCUzQiUyMiUyMGFsbG93ZnVsbHNjcmVlbiUzRCUyMiUyMiUyMGxvYWRpbmclM0QlMjJsYXp5JTIyJTIwcmVmZXJyZXJwb2xpY3klM0QlMjJuby1yZWZlcnJlci13aGVuLWRvd25ncmFkZSUyMiUzRSUzQyUyRmlmcmFtZSUzRQ==&#8221;][\/vc_column_inner][\/vc_row_inner][\/vc_column][\/vc_row]<\/p>\n","protected":false},"excerpt":{"rendered":"<p>[vc_row type=&#8221;vc_default&#8221; margin_top=&#8221;0&#8243; margin_bottom=&#8221;-35&#8243; css=&#8221;.vc_custom_1498572765023{margin-top: 70px !important;margin-bottom: 20px !important;}&#8221;][vc_column offset=&#8221;vc_col-lg-6 vc_col-md-7 vc_col-xs-12&#8243; css=&#8221;.vc_custom_1498821716836{padding-bottom: 40px !important;}&#8221;][vc_raw_html]JTNDZGl2JTIwcm9sZSUzRCUyMm1haW4lMjIlMjBpZCUzRCUyMmFrZi1mb3JtLTAxLTdhZTA0MjViMzZlZGU0ZTMzM2MwJTIyJTNFJTNDJTJGZGl2JTNFJTNDc2NyaXB0JTIwdHlwZSUzRCUyMnRleHQlMkZqYXZhc2NyaXB0JTIyJTIwc3JjJTNEJTIyaHR0cHMlM0ElMkYlMkZkMzM1bHV1cHVnc3kyLmNsb3VkZnJvbnQubmV0JTJGanMlMkZyZHN0YXRpb24tZm9ybXMlMkZzdGFibGUlMkZyZHN0YXRpb24tZm9ybXMubWluLmpzJTIyJTNFJTNDJTJGc2NyaXB0JTNFJTNDc2NyaXB0JTIwdHlwZSUzRCUyMnRleHQlMkZqYXZhc2NyaXB0JTIyJTNFJTIwbmV3JTIwUkRTdGF0aW9uRm9ybXMlMjglMjdha2YtZm9ybS0wMS03YWUwNDI1YjM2ZWRlNGUzMzNjMCUyNyUyQyUyMCUyN251bGwlMjclMjkuY3JlYXRlRm9ybSUyOCUyOSUzQiUzQyUyRnNjcmlwdCUzRSUyMA==[\/vc_raw_html][\/vc_column][vc_column offset=&#8221;vc_col-lg-6 vc_col-md-5 vc_col-xs-12&#8243; css=&#8221;.vc_custom_1498572768127{padding-bottom: 50px !important;}&#8221;][vc_row_inner equal_height=&#8221;yes&#8221; css=&#8221;.vc_custom_1498572805259{padding-right: 15px !important;padding-bottom: 10px !important;padding-left: 15px !important;}&#8221;][vc_column_inner width=&#8221;1\/2&#8243; css=&#8221;.vc_custom_1475919323336{margin-top: 0px !important;margin-right: 0px !important;margin-bottom: 0px !important;margin-left: 0px !important;padding-top: 0px !important;padding-right: 10px !important;padding-bottom: 20px !important;padding-left: 10px !important;}&#8221;][\/vc_column_inner][vc_column_inner width=&#8221;1\/2&#8243; css=&#8221;.vc_custom_1475919331923{margin-top: 0px !important;margin-right: 0px !important;margin-bottom: 0px !important;margin-left:&hellip;<\/p>\n","protected":false},"author":1,"featured_media":0,"parent":0,"menu_order":600,"comment_status":"closed","ping_status":"closed","template":"","meta":{"_monsterinsights_skip_tracking":false,"_monsterinsights_sitenote_active":false,"_monsterinsights_sitenote_note":"","_monsterinsights_sitenote_category":0},"yoast_head":"<!-- This site is optimized with the Yoast SEO plugin v22.5 - https:\/\/yoast.com\/wordpress\/plugins\/seo\/ -->\n<title>Contato | Empresa de Alpinismo Industrial - AKF ALPINISMO<\/title>\n<meta name=\"description\" content=\"Servi\u00e7os com acesso por cordas para setor industrial, comercial e residencial. Conhe\u00e7a todos os servi\u00e7os em nosso site. Fale conosco agora mesmo.\" \/>\n<meta name=\"robots\" content=\"index, follow, max-snippet:-1, max-image-preview:large, max-video-preview:-1\" \/>\n<link rel=\"canonical\" href=\"https:\/\/akfalpinismo.com.br\/site2019\/empresa-de-alpinismo-industrial-contato\/\" \/>\n<meta property=\"og:locale\" content=\"pt_BR\" \/>\n<meta property=\"og:type\" content=\"article\" \/>\n<meta property=\"og:title\" content=\"Contato | Empresa de Alpinismo Industrial - AKF ALPINISMO\" \/>\n<meta property=\"og:description\" content=\"Servi\u00e7os com acesso por cordas para setor industrial, comercial e residencial. Conhe\u00e7a todos os servi\u00e7os em nosso site. Fale conosco agora mesmo.\" \/>\n<meta property=\"og:url\" content=\"https:\/\/akfalpinismo.com.br\/site2019\/empresa-de-alpinismo-industrial-contato\/\" \/>\n<meta property=\"og:site_name\" content=\"AKF APINISMO\" \/>\n<meta property=\"article:publisher\" content=\"https:\/\/www.facebook.com\/AKF-Alpinismo-103571307846644\/\" \/>\n<meta property=\"article:modified_time\" content=\"2026-02-18T14:02:58+00:00\" \/>\n<meta name=\"twitter:card\" content=\"summary_large_image\" \/>\n<meta name=\"twitter:label1\" content=\"Est. tempo de leitura\" \/>\n\t<meta name=\"twitter:data1\" content=\"1 minuto\" \/>\n<script type=\"application\/ld+json\" class=\"yoast-schema-graph\">{\"@context\":\"https:\/\/schema.org\",\"@graph\":[{\"@type\":\"WebPage\",\"@id\":\"https:\/\/akfalpinismo.com.br\/site2019\/empresa-de-alpinismo-industrial-contato\/\",\"url\":\"https:\/\/akfalpinismo.com.br\/site2019\/empresa-de-alpinismo-industrial-contato\/\",\"name\":\"Contato | Empresa de Alpinismo Industrial - AKF ALPINISMO\",\"isPartOf\":{\"@id\":\"https:\/\/akfalpinismo.com.br\/site2019\/#website\"},\"datePublished\":\"2016-01-29T10:14:33+00:00\",\"dateModified\":\"2026-02-18T14:02:58+00:00\",\"description\":\"Servi\u00e7os com acesso por cordas para setor industrial, comercial e residencial. Conhe\u00e7a todos os servi\u00e7os em nosso site. Fale conosco agora mesmo.\",\"breadcrumb\":{\"@id\":\"https:\/\/akfalpinismo.com.br\/site2019\/empresa-de-alpinismo-industrial-contato\/#breadcrumb\"},\"inLanguage\":\"pt-BR\",\"potentialAction\":[{\"@type\":\"ReadAction\",\"target\":[\"https:\/\/akfalpinismo.com.br\/site2019\/empresa-de-alpinismo-industrial-contato\/\"]}]},{\"@type\":\"BreadcrumbList\",\"@id\":\"https:\/\/akfalpinismo.com.br\/site2019\/empresa-de-alpinismo-industrial-contato\/#breadcrumb\",\"itemListElement\":[{\"@type\":\"ListItem\",\"position\":1,\"name\":\"In\u00edcio\",\"item\":\"https:\/\/akfalpinismo.com.br\/site2019\/\"},{\"@type\":\"ListItem\",\"position\":2,\"name\":\"Contato\"}]},{\"@type\":\"WebSite\",\"@id\":\"https:\/\/akfalpinismo.com.br\/site2019\/#website\",\"url\":\"https:\/\/akfalpinismo.com.br\/site2019\/\",\"name\":\"AKF APINISMO\",\"description\":\"Alpinismo Industrial e Predial | Presta\u00e7\u00e3o de Servi\u00e7os de Manuten\u00e7\u00e3o | Linhas de Vida\",\"publisher\":{\"@id\":\"https:\/\/akfalpinismo.com.br\/site2019\/#organization\"},\"potentialAction\":[{\"@type\":\"SearchAction\",\"target\":{\"@type\":\"EntryPoint\",\"urlTemplate\":\"https:\/\/akfalpinismo.com.br\/site2019\/?s={search_term_string}\"},\"query-input\":\"required name=search_term_string\"}],\"inLanguage\":\"pt-BR\"},{\"@type\":\"Organization\",\"@id\":\"https:\/\/akfalpinismo.com.br\/site2019\/#organization\",\"name\":\"Akf Alpinismo\",\"url\":\"https:\/\/akfalpinismo.com.br\/site2019\/\",\"logo\":{\"@type\":\"ImageObject\",\"inLanguage\":\"pt-BR\",\"@id\":\"https:\/\/akfalpinismo.com.br\/site2019\/#\/schema\/logo\/image\/\",\"url\":\"https:\/\/akfalpinismo.com.br\/site2019\/wp-content\/uploads\/2019\/12\/AKF-ALPINISMO-logo-color-100px.png\",\"contentUrl\":\"https:\/\/akfalpinismo.com.br\/site2019\/wp-content\/uploads\/2019\/12\/AKF-ALPINISMO-logo-color-100px.png\",\"width\":100,\"height\":42,\"caption\":\"Akf Alpinismo\"},\"image\":{\"@id\":\"https:\/\/akfalpinismo.com.br\/site2019\/#\/schema\/logo\/image\/\"},\"sameAs\":[\"https:\/\/www.facebook.com\/AKF-Alpinismo-103571307846644\/\"]}]}<\/script>\n<!-- \/ Yoast SEO plugin. -->","yoast_head_json":{"title":"Contato | Empresa de Alpinismo Industrial - AKF ALPINISMO","description":"Servi\u00e7os com acesso por cordas para setor industrial, comercial e residencial. Conhe\u00e7a todos os servi\u00e7os em nosso site. Fale conosco agora mesmo.","robots":{"index":"index","follow":"follow","max-snippet":"max-snippet:-1","max-image-preview":"max-image-preview:large","max-video-preview":"max-video-preview:-1"},"canonical":"https:\/\/akfalpinismo.com.br\/site2019\/empresa-de-alpinismo-industrial-contato\/","og_locale":"pt_BR","og_type":"article","og_title":"Contato | Empresa de Alpinismo Industrial - AKF ALPINISMO","og_description":"Servi\u00e7os com acesso por cordas para setor industrial, comercial e residencial. Conhe\u00e7a todos os servi\u00e7os em nosso site. Fale conosco agora mesmo.","og_url":"https:\/\/akfalpinismo.com.br\/site2019\/empresa-de-alpinismo-industrial-contato\/","og_site_name":"AKF APINISMO","article_publisher":"https:\/\/www.facebook.com\/AKF-Alpinismo-103571307846644\/","article_modified_time":"2026-02-18T14:02:58+00:00","twitter_card":"summary_large_image","twitter_misc":{"Est. tempo de leitura":"1 minuto"},"schema":{"@context":"https:\/\/schema.org","@graph":[{"@type":"WebPage","@id":"https:\/\/akfalpinismo.com.br\/site2019\/empresa-de-alpinismo-industrial-contato\/","url":"https:\/\/akfalpinismo.com.br\/site2019\/empresa-de-alpinismo-industrial-contato\/","name":"Contato | Empresa de Alpinismo Industrial - AKF ALPINISMO","isPartOf":{"@id":"https:\/\/akfalpinismo.com.br\/site2019\/#website"},"datePublished":"2016-01-29T10:14:33+00:00","dateModified":"2026-02-18T14:02:58+00:00","description":"Servi\u00e7os com acesso por cordas para setor industrial, comercial e residencial. Conhe\u00e7a todos os servi\u00e7os em nosso site. Fale conosco agora mesmo.","breadcrumb":{"@id":"https:\/\/akfalpinismo.com.br\/site2019\/empresa-de-alpinismo-industrial-contato\/#breadcrumb"},"inLanguage":"pt-BR","potentialAction":[{"@type":"ReadAction","target":["https:\/\/akfalpinismo.com.br\/site2019\/empresa-de-alpinismo-industrial-contato\/"]}]},{"@type":"BreadcrumbList","@id":"https:\/\/akfalpinismo.com.br\/site2019\/empresa-de-alpinismo-industrial-contato\/#breadcrumb","itemListElement":[{"@type":"ListItem","position":1,"name":"In\u00edcio","item":"https:\/\/akfalpinismo.com.br\/site2019\/"},{"@type":"ListItem","position":2,"name":"Contato"}]},{"@type":"WebSite","@id":"https:\/\/akfalpinismo.com.br\/site2019\/#website","url":"https:\/\/akfalpinismo.com.br\/site2019\/","name":"AKF APINISMO","description":"Alpinismo Industrial e Predial | Presta\u00e7\u00e3o de Servi\u00e7os de Manuten\u00e7\u00e3o | Linhas de Vida","publisher":{"@id":"https:\/\/akfalpinismo.com.br\/site2019\/#organization"},"potentialAction":[{"@type":"SearchAction","target":{"@type":"EntryPoint","urlTemplate":"https:\/\/akfalpinismo.com.br\/site2019\/?s={search_term_string}"},"query-input":"required name=search_term_string"}],"inLanguage":"pt-BR"},{"@type":"Organization","@id":"https:\/\/akfalpinismo.com.br\/site2019\/#organization","name":"Akf Alpinismo","url":"https:\/\/akfalpinismo.com.br\/site2019\/","logo":{"@type":"ImageObject","inLanguage":"pt-BR","@id":"https:\/\/akfalpinismo.com.br\/site2019\/#\/schema\/logo\/image\/","url":"https:\/\/akfalpinismo.com.br\/site2019\/wp-content\/uploads\/2019\/12\/AKF-ALPINISMO-logo-color-100px.png","contentUrl":"https:\/\/akfalpinismo.com.br\/site2019\/wp-content\/uploads\/2019\/12\/AKF-ALPINISMO-logo-color-100px.png","width":100,"height":42,"caption":"Akf Alpinismo"},"image":{"@id":"https:\/\/akfalpinismo.com.br\/site2019\/#\/schema\/logo\/image\/"},"sameAs":["https:\/\/www.facebook.com\/AKF-Alpinismo-103571307846644\/"]}]}},"_links":{"self":[{"href":"https:\/\/akfalpinismo.com.br\/site2019\/wp-json\/wp\/v2\/pages\/13"}],"collection":[{"href":"https:\/\/akfalpinismo.com.br\/site2019\/wp-json\/wp\/v2\/pages"}],"about":[{"href":"https:\/\/akfalpinismo.com.br\/site2019\/wp-json\/wp\/v2\/types\/page"}],"author":[{"embeddable":true,"href":"https:\/\/akfalpinismo.com.br\/site2019\/wp-json\/wp\/v2\/users\/1"}],"replies":[{"embeddable":true,"href":"https:\/\/akfalpinismo.com.br\/site2019\/wp-json\/wp\/v2\/comments?post=13"}],"version-history":[{"count":21,"href":"https:\/\/akfalpinismo.com.br\/site2019\/wp-json\/wp\/v2\/pages\/13\/revisions"}],"predecessor-version":[{"id":2714,"href":"https:\/\/akfalpinismo.com.br\/site2019\/wp-json\/wp\/v2\/pages\/13\/revisions\/2714"}],"wp:attachment":[{"href":"https:\/\/akfalpinismo.com.br\/site2019\/wp-json\/wp\/v2\/media?parent=13"}],"curies":[{"name":"wp","href":"https:\/\/api.w.org\/{rel}","templated":true}]}}